
	{"id":3188,"date":"2011-05-20T18:49:43","date_gmt":"2011-05-20T16:49:43","guid":{"rendered":"http:\/\/wpthemetestdata.wordpress.com\/?page_id=701"},"modified":"2026-05-04T00:33:27","modified_gmt":"2026-05-03T22:33:27","slug":"inicio","status":"publish","type":"page","link":"https:\/\/old.dosacordes.es\/web\/","title":{"rendered":"Inicio"},"content":{"rendered":"<p>[vc_row full_width=\u00bbstretch_row\u00bb css=\u00bb.vc_custom_1776891144426{margin-top: 0px !important;margin-right: 0px !important;margin-bottom: 0px !important;margin-left: 0px !important;border-top-width: 0px !important;border-right-width: 0px !important;border-bottom-width: 0px !important;border-left-width: 0px !important;padding-top: 0px !important;padding-right: 0px !important;padding-bottom: 0px !important;padding-left: 0px !important;background-color: #ffffff !important;}\u00bb][vc_column el_id=\u00bbcursos\u00bb][vc_column_text css_animation=\u00bbfadeInDown\u00bb]<\/p>\n<p style=\"text-align: center; font-size: 20px;\"><strong>Curso 2025\/2026<\/strong><\/p>\n<p style=\"font-size: 36px; line-height: 0.9; text-align: center;\"><strong><span style=\"color: #4888c7;\">\u00a1Ya en marcha!<\/span><\/strong><\/p>\n<p style=\"text-align: center; font-size: 18px;\">Consulta nuestra oferta para el curso 2026\/2027<\/p>\n<p>[\/vc_column_text][vc_icon icon_fontawesome=\u00bbfas fa-chevron-down\u00bb color=\u00bbsky\u00bb align=\u00bbcenter\u00bb css_animation=\u00bbfadeInDown\u00bb css=\u00bb.vc_custom_1655807225675{margin-top: -25px !important;margin-bottom: -25px !important;}\u00bb][\/vc_column][vc_column width=\u00bb1\/4&#8243;][bookie-featured-book-category title=\u00bbCONSERVATORIO\u00bb badge=\u00bbdesde 135 \u20ac\/mes\u00bb badge_background=\u00bb#f5b14b\u00bb image=\u00bb6492&#8243; button_text=\u00bb+ info\u00bb button_url=\u00bbhttps:\/\/www.dosacordes.es\/web\/academia-conservatorio-profesores\/\u00bb description=\u00bbCuerpo de Profesores\u00bb][\/vc_column][vc_column width=\u00bb1\/4&#8243;][bookie-featured-book-category title=\u00bbCONSERVATORIO\u00bb badge=\u00bbdesde 160 \u20ac\/mes\u00bb badge_background=\u00bb#f5b14b\u00bb image=\u00bb6524&#8243; button_text=\u00bb+ info\u00bb button_url=\u00bbhttps:\/\/www.dosacordes.es\/web\/academia-conservatorio-catedraticos\/\u00bb description=\u00bbCuerpo de Catedr\u00e1ticos\u00bb][\/vc_column][vc_column width=\u00bb1\/4&#8243;][bookie-featured-book-category title=\u00bbSECUNDARIA\u00bb badge=\u00bbdesde 135 \u20ac\/mes\u00bb badge_background=\u00bb#5dcf8b\u00bb image=\u00bb6501&#8243; button_text=\u00bb+ info\u00bb button_url=\u00bbhttps:\/\/www.dosacordes.es\/web\/academia-secundaria-musica\/\u00bb description=\u00bbEspecialidad de M\u00fasica\u00bb][\/vc_column][vc_column width=\u00bb1\/4&#8243;][bookie-featured-book-category title=\u00bbMAESTROS\u00bb badge=\u00bbdesde 135 \u20ac\/mes\u00bb badge_background=\u00bb#4092df\u00bb image=\u00bb6494&#8243; button_text=\u00bb+ info\u00bb button_url=\u00bbhttps:\/\/www.dosacordes.es\/web\/academia-educacion-musical\/\u00bb description=\u00bbEducaci\u00f3n Musical\u00bb][\/vc_column][vc_column width=\u00bb1\/4&#8243;][bookie-featured-book-category title=\u00bbMAESTROS\u00bb badge=\u00bbdesde 140 \u20ac\/mes\u00bb badge_background=\u00bb#4092df\u00bb image=\u00bb6497&#8243; button_text=\u00bb+ info\u00bb button_url=\u00bbhttps:\/\/www.dosacordes.es\/web\/academia-educacion-infantil\/\u00bb description=\u00bbEducaci\u00f3n Infantil\u00bb][\/vc_column][vc_column][vc_tta_pageable no_fill_content_area=\u00bbtrue\u00bb autoplay=\u00bb10&#8243; active_section=\u00bb1&#8243; pagination_color=\u00bbmulled-wine\u00bb css=\u00bb.vc_custom_1755690816490{background-color: #f4f4f4 !important;}\u00bb][vc_tta_section tab_id=\u00bb1755689794346-66ae290f-f690&#8243;][vc_column_text]<\/p>\n<h3>Nuestro alumnado del curso 2024\/2025 opina&#8230;<\/h3>\n<blockquote><p>La academia Dos Acordes ha supuesto para m\u00ed un apoyo fundamental, no s\u00f3lo en mi preparaci\u00f3n de las oposiciones de m\u00fasica de Secundaria, sino en mi formaci\u00f3n como docente. Si tuviera que definir la academia con tres palabras, ser\u00edan: serios, implicados y exhaustivos. Si decides prepararte con ellos puedes dar por seguro que siempre estar\u00e1n ah\u00ed, que van a dar todo el temario y que van a hacer todo lo que est\u00e9 en su mano para que vayas bien formado (simulacros, sesiones extra para pruebas espec\u00edficas de determinada comunidades&#8230;).\u00a0Yo he conseguido mi plaza en la Regi\u00f3n de Murcia gracias a ellos, as\u00ed que, \u00bfc\u00f3mo no recomendarlos?<\/p><\/blockquote>\n<p style=\"text-align: right;\"><strong>\u2014 Cristina Ram\u00edrez Quesada<\/strong><br \/>\n<strong>Plaza en la Regi\u00f3n de Murcia, M\u00fasica (Secundaria)<\/strong><\/p>\n<p>[\/vc_column_text][\/vc_tta_section][vc_tta_section title=\u00bbSecci\u00f3n 2&#8243; tab_id=\u00bb1755689794365-194fcab3-3222&#8243;][vc_column_text]<\/p>\n<h3>Nuestro alumnado del curso 2024\/2025 opina&#8230;<\/h3>\n<blockquote><p>Recomendar\u00eda la academia sin duda alguna. Primeramente, porque la faceta online facilita mucho el acceso a un buen aprendizaje a aquellos que no disponen de una academia en su ciudad. Tambi\u00e9n ser\u00eda recomendable para aquellos que est\u00e9n muy sujetos a un horario laboral, como fue mi caso este a\u00f1o. Otro punto a tener en cuenta es la cercan\u00eda, profesionalidad y rapidez de correctores y profesores. No tengo m\u00e1s que alabanzas hacia ellos.<\/p><\/blockquote>\n<p style=\"text-align: right;\"><strong>\u2014 H\u00e9ctor V\u00e1zquez<\/strong><br \/>\n<strong>Plaza en el Principado de Asturias, M\u00fasica (Secundaria)<\/strong><\/p>\n<p>[\/vc_column_text][\/vc_tta_section][vc_tta_section title=\u00bbSecci\u00f3n\u00bb tab_id=\u00bb1755690356759-670f71f3-e37a\u00bb][vc_column_text]<\/p>\n<h3>Nuestro alumnado del curso 2024\/2025 opina&#8230;<\/h3>\n<blockquote><p>La academia es, en tres palabras, eficaz, flexible y cercana. Lo que m\u00e1s me ha gustado es la profundidad con la que trabajan, tratando todos los aspectos de la oposici\u00f3n de manera independiente con explicaciones concisas y ejemplos reales. Sin duda la recomendar\u00eda, porque la tranquilidad que he tenido en el proceso al saber que no se me pasar\u00eda ninguna convocatoria o actualizaci\u00f3n me ha permitido estar m\u00e1s enfocado y mucho mejor preparado.<\/p><\/blockquote>\n<p style=\"text-align: right;\"><strong>\u2014 Ezequiel Navarrete Caparr\u00f3s<\/strong><br \/>\n<strong>Andaluc\u00eda, Fundamentos de Composici\u00f3n<\/strong><\/p>\n<p>[\/vc_column_text][\/vc_tta_section][vc_tta_section title=\u00bbSecci\u00f3n\u00bb tab_id=\u00bb1755690422300-0640af75-e504&#8243;][vc_column_text]<\/p>\n<h3>Nuestro alumnado del curso 2024\/2025 opina&#8230;<\/h3>\n<blockquote><p>Era el primer a\u00f1o que me presentaba a oposiciones y me apunt\u00e9, ya que estaba un poco perdida en cuanto a c\u00f3mo preparar temario, programaci\u00f3n y an\u00e1lisis. La Academia me ha ayudado mucho en general. Consegu\u00ed hacer una buena programaci\u00f3n gracias al seguimiento tutorizado y las aportaciones que me ha ido haciendo el tutor\/a sobre el trabajo que iba realizando. Tambi\u00e9n me ha gustado la manera de resolver todas las dudas que han ido surgiendo a trav\u00e9s de los foros de manera bastante inmediata. El formato online facilita mucho, sobre todo cuando no puedes seguir alguna clase en directo, el poder verla en diferido, la posibilidad de compartir todo el material y tenerlo ah\u00ed.<\/p><\/blockquote>\n<p style=\"text-align: right;\"><strong>\u2014 Inma Calahorra<\/strong><br \/>\n<strong>Comunidad Foral de Navarra, M\u00fasica (Secundaria)<\/strong><\/p>\n<p>[\/vc_column_text][\/vc_tta_section][vc_tta_section title=\u00bbSecci\u00f3n\u00bb tab_id=\u00bb1755690468886-03e95d1d-3df0&#8243;][vc_column_text]<\/p>\n<h3>Nuestro alumnado del curso 2024\/2025 opina&#8230;<\/h3>\n<blockquote><p>La academia Dos Acordes es eficiente, cercana y c\u00f3moda. Me gustar\u00eda destacar la alta cualificaci\u00f3n de sus preparadores, su amplia experiencia, el planteamiento sistem\u00e1tico tanto de las clases como de los simulacros y el enfoque did\u00e1ctico, que est\u00e1 presente en la preparaci\u00f3n de todas las partes. Definitivamente s\u00ed la recomendar\u00eda, pues es una academia que se toma muy en serio lo que hace, est\u00e1 a la \u00faltima de toda novedad legislativa, de nuevas metodolog\u00edas y tecnolog\u00edas de la informaci\u00f3n y cuenta con un profesorado con amplia experiencia.<\/p><\/blockquote>\n<p style=\"text-align: right;\"><strong>\u2014 Alfonso Herrero Heras<\/strong><br \/>\n<strong>Andaluc\u00eda, Fundamentos de Composici\u00f3n<\/strong><\/p>\n<p>[\/vc_column_text][\/vc_tta_section][\/vc_tta_pageable][vc_btn title=\u00bb\u00a1Matric\u00falate ahora!\u00bb style=\u00bbclassic\u00bb shape=\u00bbround\u00bb color=\u00bborange\u00bb align=\u00bbcenter\u00bb button_block=\u00bbtrue\u00bb link=\u00bburl:https%3A%2F%2Fwww.dosacordes.es%2Fweb%2Fproducto%2Fmatricula-academia-dos-acordes-curso-2025-2026%2F\u00bb][vc_column_text css=\u00bb.vc_custom_1749035320941{margin-top: 20px !important;margin-bottom: 20px !important;}\u00bb]<\/p>\n<p style=\"text-align: center; font-size: 18px;\">\u00bfQuieres recibir m\u00e1s informaci\u00f3n?<\/p>\n<p>[\/vc_column_text][vc_btn title=\u00bbEscr\u00edbenos un ticket\u00bb style=\u00bbclassic\u00bb shape=\u00bbround\u00bb color=\u00bbsky\u00bb align=\u00bbcenter\u00bb link=\u00bburl:http%3A%2F%2Fwww.dosacordes.es\/tickets||\u00bb][vc_separator color=\u00bbwhite\u00bb css=\u00bb.vc_custom_1590788657845{padding-bottom: 12px !important;background-color: #ffffff !important;}\u00bb][\/vc_column][\/vc_row][vc_row full_width=\u00bbstretch_row\u00bb parallax=\u00bbcontent-moving\u00bb parallax_image=\u00bb7998&#8243; parallax_speed_bg=\u00bb4&#8243; css=\u00bb.vc_custom_1598968257611{background-image: url(http:\/\/www.dosacordes.es\/web\/wp-content\/uploads\/2020\/06\/bg_bggenerator_com-4.png?id=6895) !important;background-position: center;background-repeat: no-repeat;background-size:cover;}\u00bb][vc_column]\n\t<style type=\"text\/css\">\n\t\t.cta-6a9601570370e.toko-cta .toko-cta-title { color: #ffffff; }\n\t\t.cta-6a9601570370e.toko-cta .toko-cta-description { color: #ededed; }\n\t\t.cta-6a9601570370e.toko-cta a.toko-cta-button { background-color: #ecad25; }\n\t\t.cta-6a9601570370e.toko-cta a.toko-cta-button:hover { background-color: #dda326; }\n\t\t.cta-6a9601570370e.toko-cta a.toko-cta-button { color: #ffffff; }\n\t\t.cta-6a9601570370e.toko-cta a.toko-cta-button:hover { color: #ffffff !important; }\n\t\t.cta-6a9601570370e.toko-cta .toko-cta-title { border-bottom-color: #9c9c9c; }\n\t<\/style>\n\n\t<div class=\"toko-cta cta-6a9601570370e text-center\">\n\t\t\t\t    \t\t        <h2 class=\"toko-cta-title\">Sobre nosotros<\/h2>\n\t\t    \n\t\t\t\t\t        <p class=\"toko-cta-description\">Dos Acordes es una empresa de servicios musicales creada en el a\u00f1o 2002 en Vigo (Espa\u00f1a) y establecida en Baiona desde el 2005. Nuestro trabajo, que es tambi\u00e9n nuestra pasi\u00f3n, es la m\u00fasica. La actividad de nuestra empresa se concreta, actualmente, en tres sectores: la ense\u00f1anza, la edici\u00f3n y el asesoramiento cultural.<\/p>\n\t\t    \t\t\n        \t        <a href=\"\/web\/bienvenida\" class=\"toko-cta-link\">DESCUBRE M\u00c1S<\/a>\n\t        <\/div>\n\n\t[\/vc_column][\/vc_row][vc_row full_width=\u00bbstretch_row\u00bb css=\u00bb.vc_custom_1453099386743{margin-bottom: 0px !important;padding-top: 0px !important;padding-bottom: 0px !important;background-color: #ffffff !important;}\u00bb][vc_column][vc_custom_heading text=\u00bbBlog\u00bb font_container=\u00bbtag:h2|text_align:center\u00bb google_fonts=\u00bbfont_family:Montserrat%3Aregular%2C700|font_style:400%20regular%3A400%3Anormal\u00bb el_class=\u00bbbookie-label\u00bb link=\u00bburl:http%3A%2F%2Fwww.dosacordes.es%2Fweb%2Fblog%2F|title:Blog||\u00bb]\r\n\t\r\n\t<style type=\"text\/css\">\r\n\t\t.posts-grid-6a96015704900.toko-posts-grid .toko-post-detail .post-title a { color: #222222; }\r\n\t\t.posts-grid-6a96015704900.toko-posts-grid .toko-post-detail .post-date { color: #222222; }\r\n\t\t.posts-grid-6a96015704900.toko-posts-grid .toko-post-detail p { color: #5f5f5f; }\r\n\t<\/style>\r\n\r\n\t<section class=\"toko-posts-grid posts-grid-6a96015704900\">\r\n\t\t\r\n\t\t<div class=\"toko-post-row row\">\r\n\r\n\t\t\t\t\t\t\t\t\t\t\r\n\t\t\t<div class=\"toko-post col-xs-12 col-sm-6 col-md-3\">\r\n\t\t\t\t\r\n\t\t\t\t<div class=\"toko-post-detail\">\r\n\t\t\t\t\t<h3 class=\"post-title\"><a href=\"https:\/\/old.dosacordes.es\/web\/por-que-es-decisivo-opositar-sin-convocatoria\/\">Por qu\u00e9 es decisivo opositar sin convocatoria<\/a><\/h3>\r\n\t\t\t\t\t<span class=\"post-date\">19\/05\/2026<\/span>\r\n\t\t\t\t\t<p>Si llevas tiempo en el mundillo de la oposici\u00f3n, sabr\u00e1s que a estas alturas del a\u00f1o no suele haber convocatorias oficiales.&hellip;<\/p>\r\n\t\t\t\t\t<a href=\"https:\/\/old.dosacordes.es\/web\/por-que-es-decisivo-opositar-sin-convocatoria\/\" rel=\"bookmark\" class=\"more-link\"><i class=\"ficon-arrow-right\"><\/i><\/a>\r\n\t\t\t\t<\/div>\r\n\t\t\t<\/div>\r\n\r\n\t\t\t\t\t\t\t\t\t\t\r\n\t\t\t\t\t\t\t\t\r\n\t\t\t<div class=\"toko-post col-xs-12 col-sm-6 col-md-3\">\r\n\t\t\t\t\r\n\t\t\t\t<div class=\"toko-post-detail\">\r\n\t\t\t\t\t<h3 class=\"post-title\"><a href=\"https:\/\/old.dosacordes.es\/web\/y-ahora-que-salidas-laborales-para-musicos\/\">\u00bfY ahora, qu\u00e9? Salidas laborales para m\u00fasicos<\/a><\/h3>\r\n\t\t\t\t\t<span class=\"post-date\">04\/05\/2026<\/span>\r\n\t\t\t\t\t<p>\u00bfHas terminado o est\u00e1s a punto de terminar la carrera y tu historial de b\u00fasquedas en Google luce tal que as\u00ed:&hellip;<\/p>\r\n\t\t\t\t\t<a href=\"https:\/\/old.dosacordes.es\/web\/y-ahora-que-salidas-laborales-para-musicos\/\" rel=\"bookmark\" class=\"more-link\"><i class=\"ficon-arrow-right\"><\/i><\/a>\r\n\t\t\t\t<\/div>\r\n\t\t\t<\/div>\r\n\r\n\t\t\t\t\t\t\t\t\t\t<div class=\"clearfix visible-sm\"><\/div>\r\n\t\t\t\t\t\t\t\r\n\t\t\t\t\t\t\t\t\r\n\t\t\t<div class=\"toko-post col-xs-12 col-sm-6 col-md-3\">\r\n\t\t\t\t\r\n\t\t\t\t<div class=\"toko-post-detail\">\r\n\t\t\t\t\t<h3 class=\"post-title\"><a href=\"https:\/\/old.dosacordes.es\/web\/die-instrumentation-de-hans-kunitz-una-enciclopedia-moderna-de-los-instrumentos-orquestales\/\">\u00abDie Instrumentation\u00bb de Hans Kunitz:  una enciclopedia moderna de los instrumentos orquestales<\/a><\/h3>\r\n\t\t\t\t\t<span class=\"post-date\">16\/03\/2026<\/span>\r\n\t\t\t\t\t<p>En el campo de la orquestaci\u00f3n y el estudio de los instrumentos, algunos tratados han marcado generaciones de compositores, directores y&hellip;<\/p>\r\n\t\t\t\t\t<a href=\"https:\/\/old.dosacordes.es\/web\/die-instrumentation-de-hans-kunitz-una-enciclopedia-moderna-de-los-instrumentos-orquestales\/\" rel=\"bookmark\" class=\"more-link\"><i class=\"ficon-arrow-right\"><\/i><\/a>\r\n\t\t\t\t<\/div>\r\n\t\t\t<\/div>\r\n\r\n\t\t\t\t\t\t\t\t\t\t\r\n\t\t\t\t\t\t\t\t\r\n\t\t\t<div class=\"toko-post col-xs-12 col-sm-6 col-md-3\">\r\n\t\t\t\t\r\n\t\t\t\t<div class=\"toko-post-detail\">\r\n\t\t\t\t\t<h3 class=\"post-title\"><a href=\"https:\/\/old.dosacordes.es\/web\/belen-olmos-y-blanca-garcia-os-presentan-un-libro-muy-interesante\/\">Bel\u00e9n Olmos y Blanca Garc\u00eda os presentan un libro muy interesante<\/a><\/h3>\r\n\t\t\t\t\t<span class=\"post-date\">27\/01\/2026<\/span>\r\n\t\t\t\t\t<p>Los supuestos pr\u00e1cticos son una de las pruebas m\u00e1s significativas del proceso selectivo para el ingreso en el cuerpo de maestras&hellip;<\/p>\r\n\t\t\t\t\t<a href=\"https:\/\/old.dosacordes.es\/web\/belen-olmos-y-blanca-garcia-os-presentan-un-libro-muy-interesante\/\" rel=\"bookmark\" class=\"more-link\"><i class=\"ficon-arrow-right\"><\/i><\/a>\r\n\t\t\t\t<\/div>\r\n\t\t\t<\/div>\r\n\r\n\t\t\t\t\t\t\t<div class=\"clearfix visible-md visible-lg\"><\/div>\r\n\t\t\t\t\t\t\t\t\t\t<div class=\"clearfix visible-sm\"><\/div>\r\n\t\t\t\t\t\t\t\r\n\t\t\t\t\r\n\t\t<\/div>\r\n\r\n\t<\/section>\r\n\r\n\t\r\n\t[vc_separator color=\u00bbwhite\u00bb border_width=\u00bb6&#8243;][\/vc_column][\/vc_row][vc_row full_width=\u00bbstretch_row\u00bb parallax=\u00bbcontent-moving\u00bb parallax_image=\u00bb7998&#8243; parallax_speed_bg=\u00bb4&#8243; css=\u00bb.vc_custom_1598968331067{margin-bottom: -50px !important;border-bottom-width: -50px !important;padding-bottom: -50px !important;}\u00bb][vc_column][vc_custom_heading text=\u00bbNuestro equipo\u00bb font_container=\u00bbtag:h2|text_align:center|color:%23ffffff\u00bb google_fonts=\u00bbfont_family:Montserrat%3Aregular%2C700|font_style:400%20regular%3A400%3Anormal\u00bb el_class=\u00bbbookie-label\u00bb css=\u00bb.vc_custom_1598394277908{padding-bottom: 20px !important;}\u00bb link=\u00bburl:http%3A%2F%2Fwww.dosacordes.es%2Fweb%2Fequipo%2F|title:Equipo||\u00bb][vc_column_text][wp-team-slider design=\u00bbdesign-2&#8243; order=\u00bbASC\u00bb category=\u00bb735&#8243; slides_column=\u00bb4&#8243; dots=\u00bbfalse\u00bb][\/vc_column_text][\/vc_column][\/vc_row][vc_row full_width=\u00bbstretch_row_content_no_spaces\u00bb][vc_column][bookie-custom-search][\/vc_column][\/vc_row][vc_row full_width=\u00bbstretch_row\u00bb css=\u00bb.vc_custom_1453085217674{margin-bottom: 0px !important;padding-bottom: 60px !important;background-color: #edf3f4 !important;}\u00bb][vc_column][vc_custom_heading text=\u00bbTienda\u00bb font_container=\u00bbtag:h2|text_align:center\u00bb google_fonts=\u00bbfont_family:Montserrat%3Aregular%2C700|font_style:400%20regular%3A400%3Anormal\u00bb el_class=\u00bbbookie-label\u00bb link=\u00bburl:http%3A%2F%2Fwww.dosacordes.es%2Fweb%2Ftienda%2F|title:Tienda||\u00bb][\/vc_column][\/vc_row]<\/p>\n","protected":false},"excerpt":{"rendered":"<p>[vc_row full_width=\u00bbstretch_row\u00bb css=\u00bb.vc_custom_1776891144426{margin-top: 0px !important;margin-right: 0px !important;margin-bottom: 0px !important;margin-left: 0px !important;border-top-width: 0px !important;border-right-width: 0px !important;border-bottom-width: 0px !important;border-left-width: 0px !important;padding-top: 0px !important;padding-right: 0px !important;padding-bottom: 0px !important;padding-left: 0px !important;background-color: #ffffff !important;}\u00bb][vc_column el_id=\u00bbcursos\u00bb][vc_column_text css_animation=\u00bbfadeInDown\u00bb] Curso 2025\/2026 \u00a1Ya en marcha! Consulta nuestra oferta para el curso 2026\/2027 [\/vc_column_text][vc_icon icon_fontawesome=\u00bbfas fa-chevron-down\u00bb color=\u00bbsky\u00bb align=\u00bbcenter\u00bb css_animation=\u00bbfadeInDown\u00bb css=\u00bb.vc_custom_1655807225675{margin-top: -25px !important;margin-bottom: -25px !important;}\u00bb][\/vc_column][vc_column width=\u00bb1\/4&#8243;][bookie-featured-book-category [&hellip;]<\/p>\n","protected":false},"author":8,"featured_media":13708,"parent":0,"menu_order":0,"comment_status":"closed","ping_status":"closed","template":"page_visual_composer.php","meta":{"footnotes":""},"_links":{"self":[{"href":"https:\/\/old.dosacordes.es\/web\/wp-json\/wp\/v2\/pages\/3188"}],"collection":[{"href":"https:\/\/old.dosacordes.es\/web\/wp-json\/wp\/v2\/pages"}],"about":[{"href":"https:\/\/old.dosacordes.es\/web\/wp-json\/wp\/v2\/types\/page"}],"author":[{"embeddable":true,"href":"https:\/\/old.dosacordes.es\/web\/wp-json\/wp\/v2\/users\/8"}],"replies":[{"embeddable":true,"href":"https:\/\/old.dosacordes.es\/web\/wp-json\/wp\/v2\/comments?post=3188"}],"version-history":[{"count":158,"href":"https:\/\/old.dosacordes.es\/web\/wp-json\/wp\/v2\/pages\/3188\/revisions"}],"predecessor-version":[{"id":16478,"href":"https:\/\/old.dosacordes.es\/web\/wp-json\/wp\/v2\/pages\/3188\/revisions\/16478"}],"wp:featuredmedia":[{"embeddable":true,"href":"https:\/\/old.dosacordes.es\/web\/wp-json\/wp\/v2\/media\/13708"}],"wp:attachment":[{"href":"https:\/\/old.dosacordes.es\/web\/wp-json\/wp\/v2\/media?parent=3188"}],"curies":[{"name":"wp","href":"https:\/\/api.w.org\/{rel}","templated":true}]}}